{"id":6282,"date":"2018-02-21T05:26:24","date_gmt":"2018-02-21T05:26:24","guid":{"rendered":"http:\/\/themes.radiantthemes.com\/consultix\/demo-one\/?page_id=6282"},"modified":"2018-10-25T17:03:43","modified_gmt":"2018-10-25T20:03:43","slug":"financial-planning-2","status":"publish","type":"page","link":"https:\/\/emprad.org.br\/2020\/financial-planning-2\/","title":{"rendered":"Financial Planning"},"content":{"rendered":"<p>[vc_row][vc_column][vc_empty_space][vc_column_text]Vers\u00e3o preliminar &#8211; Sujeito a altera\u00e7\u00e3o[\/vc_column_text][vc_custom_heading text=&#8221;05 de novembro de 2018&#8243; use_theme_fonts=&#8221;yes&#8221;][vc_column_text]<\/p>\n<table class=\"table\">\n<tbody>\n<tr>\n<td>18:00 \u00e0s 19:00<\/td>\n<td>Credenciamento<\/td>\n<\/tr>\n<tr>\n<td>19:00<\/td>\n<td><strong>Lan\u00e7amento de Livro:<\/strong><\/p>\n<p>&nbsp;<\/p>\n<p><strong>Manual para Desenvolvimento de Pesquisa Profissional<\/strong><\/p>\n<p><strong>Autores:<\/strong><br \/>\nMartinho Isnard Ribeiro de Almeida<br \/>\nMilton Francesconi<br \/>\nPriscila Pereira Fernandes<\/p>\n<p>&nbsp;<\/p>\n<p><strong>Planejamento Estrat\u00e9gico na pr\u00e1tica<\/strong><\/p>\n<p><strong>Autores:<\/strong><br \/>\nAlberto A. Fischmann<br \/>\nMartinho Isnard Ribeiro de Almeida<\/td>\n<\/tr>\n<tr>\n<td>19:30<\/td>\n<td><strong>Boas Vindas e Abertura<\/strong><br \/>\nCoordenadores do EMPRAD<\/td>\n<\/tr>\n<tr>\n<td>20:00<\/td>\n<td><strong>Plen\u00e1ria<\/strong><br \/>\n<em>Keynote Speaker 1<\/em>&nbsp;<\/p>\n<p><strong>MARCO DE BIASI<\/strong><br \/>\nPartner at Laas (Latin America Angels Society) e Diretor do Founder Institute em Sao Paulo<\/p>\n<p><strong>Tema:<\/strong> a definir<\/p>\n<p>&nbsp;<\/p>\n<p><strong>Sala:<\/strong> Congrega\u00e7\u00e3o<\/td>\n<\/tr>\n<tr>\n<td>21:00 \u00e0s 21:20<\/td>\n<td><strong>Coffee Break<\/strong><\/td>\n<\/tr>\n<tr>\n<td>21:30 \u00e0s 23:00<\/td>\n<td><strong>Sess\u00e3o de Apresenta\u00e7\u00e3o dos Trabalhos<\/strong><\/p>\n<p><strong>Salas:<\/strong> C3, C4, C5, C6, C7, C8, Ruy Leme, Congrega\u00e7\u00e3o<\/td>\n<\/tr>\n<\/tbody>\n<\/table>\n<p>[\/vc_column_text][vc_custom_heading text=&#8221;06 de novembro de 2018&#8243; use_theme_fonts=&#8221;yes&#8221;][vc_column_text ]<\/p>\n<table class=\"table\">\n<tbody>\n<tr>\n<td>17:00 \u00e0s 18:30<\/td>\n<td><strong>Workshop<\/strong> \u2013 Prof. Dr. Alberto de Medeiros Jr.<\/p>\n<p><strong>Tema<\/strong>: &nbsp;a definir<\/td>\n<\/tr>\n<tr>\n<td>18:00 \u00e0s 19:00<\/td>\n<td>Credenciamento<\/td>\n<\/tr>\n<tr>\n<td>19:00<\/td>\n<td><strong>Plen\u00e1ria<\/strong><br \/>\nKeynote Speaker 2&nbsp;<\/p>\n<p><strong>VIVIEN ROSSO<\/strong><br \/>\nCurrent CEO at A.C. Camargo Cancer CenterTema: a definir<\/td>\n<\/tr>\n<tr>\n<td>20:00<\/td>\n<td>\n<table width=\"100%\">\n<tbody>\n<tr>\n<td style=\"width: 33%;\" valign=\"top\" width=\"33%\"><strong>Sess\u00e3o 1<\/strong><\/p>\n<p><strong>PROFA. DRA. GECIANE SILVEIRA PORTO<\/strong><\/p>\n<p>Vice coordenadora da AUSPIN (Ag\u00eancia USP de Inova\u00e7\u00e3o)<\/p>\n<p><strong>Tema:<\/strong> A definir<\/p>\n<p><strong>Sala:<\/strong> Congrega\u00e7\u00e3o<\/td>\n<td style=\"width: 33%;\" valign=\"top\" width=\"33%\"><strong>Sess\u00e3o 2<\/strong><\/p>\n<p><strong>EDSON RENNEL DA COSTA FILHO<\/strong><\/p>\n<p><strong>Tema:<\/strong> Jornada na Oxiot<\/p>\n<p><strong>Sala:<\/strong> Ruy Leme<\/td>\n<td style=\"width: 33%;\" valign=\"top\" width=\"33%\"><strong>Sess\u00e3o 3<\/strong><\/p>\n<p><strong>SIDIRLEY FABIANI DA SILVA<\/strong><\/p>\n<p><strong>Tema:<\/strong> Lei do Bem, Outros Incentivos a Inova\u00e7\u00e3o e a Intera\u00e7\u00e3o Universidades e Empresas Privadas<\/p>\n<p><strong>Sala:<\/strong> C-8<\/td>\n<\/tr>\n<\/tbody>\n<\/table>\n<\/td>\n<\/tr>\n<tr>\n<td>21:00 \u00e0s 21:20<\/td>\n<td><strong>Coffee Break<\/strong><\/td>\n<\/tr>\n<tr>\n<td>21:30 \u00e0s 23:00<\/td>\n<td><strong>Sess\u00e3o de Apresenta\u00e7\u00e3o dos Trabalhos<\/strong><\/p>\n<p>Salas: C3, C4, C5, C6, C7, C8, Ruy Leme, Congrega\u00e7\u00e3o<\/td>\n<\/tr>\n<\/tbody>\n<\/table>\n<p>[\/vc_column_text][vc_custom_heading text=&#8221;07 de novembro de 2018&#8243; use_theme_fonts=&#8221;yes&#8221;][vc_column_text]<\/p>\n<table class=\"table\">\n<tbody>\n<tr>\n<td>17:00 \u00e0s 18:00<\/td>\n<td><strong>Workshop<\/strong> \u2013 Renato Ribeiro Nogueira Ferraz<\/p>\n<p>Tema:&nbsp;UTILIZA\u00c7\u00c3O DE UM SOFTWARE LIVRE (PATEN2NET) NA BUSCA DE INFORMA\u00c7\u00d5ES PATENT\u00c1RIAS PARA SOLU\u00c7\u00c3O DE PROBLEMAS<\/td>\n<\/tr>\n<tr>\n<td>18:00 \u00e0s 19:00<\/td>\n<td>Credenciamento<\/td>\n<\/tr>\n<tr>\n<td>19:00<\/td>\n<td><strong>Plen\u00e1ria Internacional <\/strong><br \/>\n<em>Keynote Speaker 3<\/em>&nbsp;<\/p>\n<p><strong>LU\u00cdSA CAGICA CARVALHO<\/strong><br \/>\nProfessora coordenadora do Departamento de Economia e Gest\u00e3o na Escola Superior de Ci\u00eancias Empresariais do Instituto Polit\u00e9cnico de Set\u00fabal<\/p>\n<p><strong>Tema:<\/strong> Business Incubation and start ups: Can we find differences between Brazil and Portugal?<\/td>\n<\/tr>\n<tr>\n<td>20:00<\/td>\n<td><strong>Plen\u00e1ria<\/strong><br \/>\nKeynote Speaker 4&nbsp;<\/p>\n<p><strong>Palestrante: a confirmar<\/strong><br \/>\nGYMPASS<\/p>\n<p>&nbsp;<\/p>\n<p><strong>Tema:<\/strong> a definir<\/p>\n<p>&nbsp;<\/p>\n<p><strong>Sala:<\/strong> Congrega\u00e7\u00e3o<\/td>\n<\/tr>\n<tr>\n<td>21:00 \u00e0s 21:20<\/td>\n<td>Coffee Break<\/td>\n<\/tr>\n<tr>\n<td>21:30 \u00e0s 23:00<\/td>\n<td><strong>Sess\u00e3o de Apresenta\u00e7\u00e3o dos Trabalhos<\/strong><br \/>\nSalas: C3, C4, C5, C6, C7, C8, Ruy Leme, Congrega\u00e7\u00e3o<\/td>\n<\/tr>\n<\/tbody>\n<\/table>\n<p>[\/vc_column_text][vc_custom_heading text=&#8221;08 de novembro de 2018&#8243; use_theme_fonts=&#8221;yes&#8221;][vc_column_text]<\/p>\n<table class=\"table\">\n<tbody>\n<tr>\n<td>20:00 \u00e0s 23:30<\/td>\n<td><strong>JANTAR DE CONFRATERNIZA\u00c7\u00c3O (POR ADES\u00c3O)<\/strong><\/p>\n<p>&nbsp;<\/p>\n<p>O jantar acontecer\u00e1 no restaurante Santo Gusto, na FIA Business School (unidade Pinheiros), apoiadora do evento. O convite poder\u00e1 ser adquirido pelo site do Emprad, <strong>mas fique atento pois o n\u00famero de convites \u00e9 limitado<\/strong><\/td>\n<\/tr>\n<\/tbody>\n<\/table>\n<p>[\/vc_column_text][\/vc_column][\/vc_row]<\/p>\n","protected":false},"excerpt":{"rendered":"<p>[vc_row][vc_column][vc_empty_space][vc_column_text]Vers\u00e3o preliminar &#8211; Sujeito a altera\u00e7\u00e3o[\/vc_column_text][vc_custom_heading text=&#8221;05 de novembro de 2018&#8243; use_theme_fonts=&#8221;yes&#8221;][vc_column_text] 18:00 \u00e0s 19:00 Credenciamento 19:00 Lan\u00e7amento de Livro: &nbsp; Manual para Desenvolvimento de Pesquisa Profissional Autores: Martinho Isnard Ribeiro de Almeida Milton Francesconi Priscila Pereira Fernandes &nbsp; Planejamento Estrat\u00e9gico na pr\u00e1tica Autores: Alberto A. Fischmann Martinho Isnard Ribeiro de Almeida 19:30 Boas Vindas [&hellip;]<\/p>\n","protected":false},"author":1,"featured_media":0,"parent":0,"menu_order":0,"comment_status":"closed","ping_status":"closed","template":"","meta":{"inline_featured_image":false,"footnotes":""},"class_list":["post-6282","page","type-page","status-publish","hentry"],"yoast_head":"<!-- This site is optimized with the Yoast SEO plugin v27.2 - https:\/\/yoast.com\/product\/yoast-seo-wordpress\/ -->\n<title>Financial Planning - EMPRAD 2020<\/title>\n<meta name=\"robots\" content=\"index, follow, max-snippet:-1, max-image-preview:large, max-video-preview:-1\" \/>\n<link rel=\"canonical\" href=\"https:\/\/emprad.org.br\/2020\/financial-planning-2\/\" \/>\n<meta property=\"og:locale\" content=\"pt_BR\" \/>\n<meta property=\"og:type\" content=\"article\" \/>\n<meta property=\"og:title\" content=\"Financial Planning - EMPRAD 2020\" \/>\n<meta property=\"og:description\" content=\"[vc_row][vc_column][vc_empty_space][vc_column_text]Vers\u00e3o preliminar &#8211; Sujeito a altera\u00e7\u00e3o[\/vc_column_text][vc_custom_heading text=&#8221;05 de novembro de 2018&#8243; use_theme_fonts=&#8221;yes&#8221;][vc_column_text] 18:00 \u00e0s 19:00 Credenciamento 19:00 Lan\u00e7amento de Livro: &nbsp; Manual para Desenvolvimento de Pesquisa Profissional Autores: Martinho Isnard Ribeiro de Almeida Milton Francesconi Priscila Pereira Fernandes &nbsp; Planejamento Estrat\u00e9gico na pr\u00e1tica Autores: Alberto A. Fischmann Martinho Isnard Ribeiro de Almeida 19:30 Boas Vindas [&hellip;]\" \/>\n<meta property=\"og:url\" content=\"https:\/\/emprad.org.br\/2020\/financial-planning-2\/\" \/>\n<meta property=\"og:site_name\" content=\"EMPRAD 2020\" \/>\n<meta property=\"article:modified_time\" content=\"2018-10-25T20:03:43+00:00\" \/>\n<meta name=\"twitter:card\" content=\"summary_large_image\" \/>\n<meta name=\"twitter:label1\" content=\"Est. tempo de leitura\" \/>\n\t<meta name=\"twitter:data1\" content=\"2 minutos\" \/>\n<script type=\"application\/ld+json\" class=\"yoast-schema-graph\">{\"@context\":\"https:\/\/schema.org\",\"@graph\":[{\"@type\":\"WebPage\",\"@id\":\"https:\/\/emprad.org.br\/2020\/financial-planning-2\/\",\"url\":\"https:\/\/emprad.org.br\/2020\/financial-planning-2\/\",\"name\":\"Financial Planning - EMPRAD 2020\",\"isPartOf\":{\"@id\":\"https:\/\/emprad.org.br\/2020\/#website\"},\"datePublished\":\"2018-02-21T05:26:24+00:00\",\"dateModified\":\"2018-10-25T20:03:43+00:00\",\"breadcrumb\":{\"@id\":\"https:\/\/emprad.org.br\/2020\/financial-planning-2\/#breadcrumb\"},\"inLanguage\":\"pt-BR\",\"potentialAction\":[{\"@type\":\"ReadAction\",\"target\":[\"https:\/\/emprad.org.br\/2020\/financial-planning-2\/\"]}]},{\"@type\":\"BreadcrumbList\",\"@id\":\"https:\/\/emprad.org.br\/2020\/financial-planning-2\/#breadcrumb\",\"itemListElement\":[{\"@type\":\"ListItem\",\"position\":1,\"name\":\"In\u00edcio\",\"item\":\"https:\/\/emprad.org.br\/2020\/\"},{\"@type\":\"ListItem\",\"position\":2,\"name\":\"Financial Planning\"}]},{\"@type\":\"WebSite\",\"@id\":\"https:\/\/emprad.org.br\/2020\/#website\",\"url\":\"https:\/\/emprad.org.br\/2020\/\",\"name\":\"EMPRAD 2020\",\"description\":\"Encontro dos Programas de P\u00f3s-Gradua\u00e7\u00e3o Profissionais em Administra\u00e7\u00e3o\",\"potentialAction\":[{\"@type\":\"SearchAction\",\"target\":{\"@type\":\"EntryPoint\",\"urlTemplate\":\"https:\/\/emprad.org.br\/2020\/?s={search_term_string}\"},\"query-input\":{\"@type\":\"PropertyValueSpecification\",\"valueRequired\":true,\"valueName\":\"search_term_string\"}}],\"inLanguage\":\"pt-BR\"}]}<\/script>\n<!-- \/ Yoast SEO plugin. -->","yoast_head_json":{"title":"Financial Planning - EMPRAD 2020","robots":{"index":"index","follow":"follow","max-snippet":"max-snippet:-1","max-image-preview":"max-image-preview:large","max-video-preview":"max-video-preview:-1"},"canonical":"https:\/\/emprad.org.br\/2020\/financial-planning-2\/","og_locale":"pt_BR","og_type":"article","og_title":"Financial Planning - EMPRAD 2020","og_description":"[vc_row][vc_column][vc_empty_space][vc_column_text]Vers\u00e3o preliminar &#8211; Sujeito a altera\u00e7\u00e3o[\/vc_column_text][vc_custom_heading text=&#8221;05 de novembro de 2018&#8243; use_theme_fonts=&#8221;yes&#8221;][vc_column_text] 18:00 \u00e0s 19:00 Credenciamento 19:00 Lan\u00e7amento de Livro: &nbsp; Manual para Desenvolvimento de Pesquisa Profissional Autores: Martinho Isnard Ribeiro de Almeida Milton Francesconi Priscila Pereira Fernandes &nbsp; Planejamento Estrat\u00e9gico na pr\u00e1tica Autores: Alberto A. Fischmann Martinho Isnard Ribeiro de Almeida 19:30 Boas Vindas [&hellip;]","og_url":"https:\/\/emprad.org.br\/2020\/financial-planning-2\/","og_site_name":"EMPRAD 2020","article_modified_time":"2018-10-25T20:03:43+00:00","twitter_card":"summary_large_image","twitter_misc":{"Est. tempo de leitura":"2 minutos"},"schema":{"@context":"https:\/\/schema.org","@graph":[{"@type":"WebPage","@id":"https:\/\/emprad.org.br\/2020\/financial-planning-2\/","url":"https:\/\/emprad.org.br\/2020\/financial-planning-2\/","name":"Financial Planning - EMPRAD 2020","isPartOf":{"@id":"https:\/\/emprad.org.br\/2020\/#website"},"datePublished":"2018-02-21T05:26:24+00:00","dateModified":"2018-10-25T20:03:43+00:00","breadcrumb":{"@id":"https:\/\/emprad.org.br\/2020\/financial-planning-2\/#breadcrumb"},"inLanguage":"pt-BR","potentialAction":[{"@type":"ReadAction","target":["https:\/\/emprad.org.br\/2020\/financial-planning-2\/"]}]},{"@type":"BreadcrumbList","@id":"https:\/\/emprad.org.br\/2020\/financial-planning-2\/#breadcrumb","itemListElement":[{"@type":"ListItem","position":1,"name":"In\u00edcio","item":"https:\/\/emprad.org.br\/2020\/"},{"@type":"ListItem","position":2,"name":"Financial Planning"}]},{"@type":"WebSite","@id":"https:\/\/emprad.org.br\/2020\/#website","url":"https:\/\/emprad.org.br\/2020\/","name":"EMPRAD 2020","description":"Encontro dos Programas de P\u00f3s-Gradua\u00e7\u00e3o Profissionais em Administra\u00e7\u00e3o","potentialAction":[{"@type":"SearchAction","target":{"@type":"EntryPoint","urlTemplate":"https:\/\/emprad.org.br\/2020\/?s={search_term_string}"},"query-input":{"@type":"PropertyValueSpecification","valueRequired":true,"valueName":"search_term_string"}}],"inLanguage":"pt-BR"}]}},"_links":{"self":[{"href":"https:\/\/emprad.org.br\/2020\/wp-json\/wp\/v2\/pages\/6282","targetHints":{"allow":["GET"]}}],"collection":[{"href":"https:\/\/emprad.org.br\/2020\/wp-json\/wp\/v2\/pages"}],"about":[{"href":"https:\/\/emprad.org.br\/2020\/wp-json\/wp\/v2\/types\/page"}],"author":[{"embeddable":true,"href":"https:\/\/emprad.org.br\/2020\/wp-json\/wp\/v2\/users\/1"}],"replies":[{"embeddable":true,"href":"https:\/\/emprad.org.br\/2020\/wp-json\/wp\/v2\/comments?post=6282"}],"version-history":[{"count":0,"href":"https:\/\/emprad.org.br\/2020\/wp-json\/wp\/v2\/pages\/6282\/revisions"}],"wp:attachment":[{"href":"https:\/\/emprad.org.br\/2020\/wp-json\/wp\/v2\/media?parent=6282"}],"curies":[{"name":"wp","href":"https:\/\/api.w.org\/{rel}","templated":true}]}}